{"id":2465,"date":"2022-01-11T14:21:36","date_gmt":"2022-01-11T13:21:36","guid":{"rendered":"http:\/\/www.ztefan.pl\/?post_type=product&#038;p=2465"},"modified":"2024-12-04T20:01:40","modified_gmt":"2024-12-04T19:01:40","slug":"obroza","status":"publish","type":"product","link":"https:\/\/www.ztefan.pl\/en\/produkt\/obroza\/","title":{"rendered":"Collar and handcuffs made of natural leather"},"content":{"rendered":"<p>Collar with handcuffs made of natural leather.<\/p>\n<p>Adjustable collar with circumference: 37 &#8211; 53 cm<\/p>\n<p>Adjustable handcuffs with circumference: 21 &#8211; 31 cm<\/p>","protected":false},"excerpt":{"rendered":"<p>Collar with handcuffs made of natural leather. Adjustable collar with [&hellip;]<\/p>\n","protected":false},"featured_media":2576,"template":"","meta":[],"yoast_head":"<!-- This site is optimized with the Yoast SEO plugin v18.3 - https:\/\/yoast.com\/wordpress\/plugins\/seo\/ -->\n<title>Collar and handcuffs made of natural leather - Ztefan<\/title>\n<meta name=\"robots\" content=\"index, follow, max-snippet:-1, max-image-preview:large, max-video-preview:-1\" \/>\n<link rel=\"canonical\" href=\"https:\/\/www.ztefan.pl\/produkt\/obroza\/\" \/>\n<meta property=\"og:locale\" content=\"en_US\" \/>\n<meta property=\"og:type\" content=\"article\" \/>\n<meta property=\"og:title\" content=\"[:pl]Obro\u017ca i kajdanki z naturalnej sk\u00f3ry [:en]Collar and handcuffs made of natural leather[:] - Ztefan\" \/>\n<meta property=\"og:description\" content=\"Collar with handcuffs made of natural leather. Adjustable collar with [&hellip;]\" \/>\n<meta property=\"og:url\" content=\"https:\/\/www.ztefan.pl\/produkt\/obroza\/\" \/>\n<meta property=\"og:site_name\" content=\"Ztefan\" \/>\n<meta property=\"article:publisher\" content=\"https:\/\/www.facebook.com\/ZTEFANSZCZECIN\" \/>\n<meta property=\"article:modified_time\" content=\"2024-12-04T19:01:40+00:00\" \/>\n<meta property=\"og:image\" content=\"https:\/\/www.ztefan.pl\/wp-content\/uploads\/2022\/01\/IMG_7259.jpg\" \/>\n\t<meta property=\"og:image:width\" content=\"465\" \/>\n\t<meta property=\"og:image:height\" content=\"600\" \/>\n\t<meta property=\"og:image:type\" content=\"image\/jpeg\" \/>\n<meta name=\"twitter:card\" content=\"summary_large_image\" \/>\n<meta name=\"twitter:label1\" content=\"Est. reading time\" \/>\n\t<meta name=\"twitter:data1\" content=\"1 minute\" \/>\n<script type=\"application\/ld+json\" class=\"yoast-schema-graph\">{\"@context\":\"https:\/\/schema.org\",\"@graph\":[{\"@type\":\"Organization\",\"@id\":\"https:\/\/www.ztefan.pl\/#organization\",\"name\":\"ZTEFAN Piotr Stefa\u0144ski\",\"url\":\"https:\/\/www.ztefan.pl\/\",\"sameAs\":[\"https:\/\/www.facebook.com\/ZTEFANSZCZECIN\",\"https:\/\/www.instagram.com\/ztefan_torby_skorzane\/\"],\"logo\":{\"@type\":\"ImageObject\",\"@id\":\"https:\/\/www.ztefan.pl\/#logo\",\"inLanguage\":\"en-US\",\"url\":\"https:\/\/www.ztefan.pl\/wp-content\/uploads\/2019\/12\/logo_www_color.png\",\"contentUrl\":\"https:\/\/www.ztefan.pl\/wp-content\/uploads\/2019\/12\/logo_www_color.png\",\"width\":182,\"height\":90,\"caption\":\"ZTEFAN Piotr Stefa\u0144ski\"},\"image\":{\"@id\":\"https:\/\/www.ztefan.pl\/#logo\"}},{\"@type\":\"WebSite\",\"@id\":\"https:\/\/www.ztefan.pl\/#website\",\"url\":\"https:\/\/www.ztefan.pl\/\",\"name\":\"Ztefan\",\"description\":\"Sk\u00f3rzane wyroby, torby podr\u00f3\u017cne, torby sportowe , torby na laptop Szczecin\",\"publisher\":{\"@id\":\"https:\/\/www.ztefan.pl\/#organization\"},\"potentialAction\":[{\"@type\":\"SearchAction\",\"target\":{\"@type\":\"EntryPoint\",\"urlTemplate\":\"https:\/\/www.ztefan.pl\/?s={search_term_string}\"},\"query-input\":\"required name=search_term_string\"}],\"inLanguage\":\"en-US\"},{\"@type\":\"ImageObject\",\"@id\":\"https:\/\/www.ztefan.pl\/produkt\/obroza\/#primaryimage\",\"inLanguage\":\"en-US\",\"url\":\"https:\/\/www.ztefan.pl\/wp-content\/uploads\/2022\/01\/IMG_7259.jpg\",\"contentUrl\":\"https:\/\/www.ztefan.pl\/wp-content\/uploads\/2022\/01\/IMG_7259.jpg\",\"width\":465,\"height\":600,\"caption\":\"Obro\u017ca i kajdanki z naturalnej sk\u00f3ry\"},{\"@type\":\"WebPage\",\"@id\":\"https:\/\/www.ztefan.pl\/produkt\/obroza\/#webpage\",\"url\":\"https:\/\/www.ztefan.pl\/produkt\/obroza\/\",\"name\":\"[:pl]Obro\u017ca i kajdanki z naturalnej sk\u00f3ry [:en]Collar and handcuffs made of natural leather[:] - Ztefan\",\"isPartOf\":{\"@id\":\"https:\/\/www.ztefan.pl\/#website\"},\"primaryImageOfPage\":{\"@id\":\"https:\/\/www.ztefan.pl\/produkt\/obroza\/#primaryimage\"},\"datePublished\":\"2022-01-11T13:21:36+00:00\",\"dateModified\":\"2024-12-04T19:01:40+00:00\",\"breadcrumb\":{\"@id\":\"https:\/\/www.ztefan.pl\/produkt\/obroza\/#breadcrumb\"},\"inLanguage\":\"en-US\",\"potentialAction\":[{\"@type\":\"ReadAction\",\"target\":[\"https:\/\/www.ztefan.pl\/produkt\/obroza\/\"]}]},{\"@type\":\"BreadcrumbList\",\"@id\":\"https:\/\/www.ztefan.pl\/produkt\/obroza\/#breadcrumb\",\"itemListElement\":[{\"@type\":\"ListItem\",\"position\":1,\"name\":\"Home\",\"item\":\"https:\/\/www.ztefan.pl\/\"},{\"@type\":\"ListItem\",\"position\":2,\"name\":\"Torby m\u0119skie ze sk\u00f3ry naturalnej\",\"item\":\"https:\/\/www.ztefan.pl\/sklep\/\"},{\"@type\":\"ListItem\",\"position\":3,\"name\":\"Obro\u017ca i kajdanki z naturalnej sk\u00f3ry\"}]}]}<\/script>\n<!-- \/ Yoast SEO plugin. -->","yoast_head_json":{"title":"[:pl]Obro\u017ca i kajdanki z naturalnej sk\u00f3ry [:en]Collar and handcuffs made of natural leather[:] - Ztefan","robots":{"index":"index","follow":"follow","max-snippet":"max-snippet:-1","max-image-preview":"max-image-preview:large","max-video-preview":"max-video-preview:-1"},"canonical":"https:\/\/www.ztefan.pl\/produkt\/obroza\/","og_locale":"en_US","og_type":"article","og_title":"[:pl]Obro\u017ca i kajdanki z naturalnej sk\u00f3ry [:en]Collar and handcuffs made of natural leather[:] - Ztefan","og_description":"Collar with handcuffs made of natural leather. Adjustable collar with [&hellip;]","og_url":"https:\/\/www.ztefan.pl\/produkt\/obroza\/","og_site_name":"Ztefan","article_publisher":"https:\/\/www.facebook.com\/ZTEFANSZCZECIN","article_modified_time":"2024-12-04T19:01:40+00:00","og_image":[{"width":465,"height":600,"url":"https:\/\/www.ztefan.pl\/wp-content\/uploads\/2022\/01\/IMG_7259.jpg","type":"image\/jpeg"}],"twitter_card":"summary_large_image","twitter_misc":{"Est. reading time":"1 minute"},"schema":{"@context":"https:\/\/schema.org","@graph":[{"@type":"Organization","@id":"https:\/\/www.ztefan.pl\/#organization","name":"ZTEFAN Piotr Stefa\u0144ski","url":"https:\/\/www.ztefan.pl\/","sameAs":["https:\/\/www.facebook.com\/ZTEFANSZCZECIN","https:\/\/www.instagram.com\/ztefan_torby_skorzane\/"],"logo":{"@type":"ImageObject","@id":"https:\/\/www.ztefan.pl\/#logo","inLanguage":"en-US","url":"https:\/\/www.ztefan.pl\/wp-content\/uploads\/2019\/12\/logo_www_color.png","contentUrl":"https:\/\/www.ztefan.pl\/wp-content\/uploads\/2019\/12\/logo_www_color.png","width":182,"height":90,"caption":"ZTEFAN Piotr Stefa\u0144ski"},"image":{"@id":"https:\/\/www.ztefan.pl\/#logo"}},{"@type":"WebSite","@id":"https:\/\/www.ztefan.pl\/#website","url":"https:\/\/www.ztefan.pl\/","name":"Ztefan","description":"Sk\u00f3rzane wyroby, torby podr\u00f3\u017cne, torby sportowe , torby na laptop Szczecin","publisher":{"@id":"https:\/\/www.ztefan.pl\/#organization"},"potentialAction":[{"@type":"SearchAction","target":{"@type":"EntryPoint","urlTemplate":"https:\/\/www.ztefan.pl\/?s={search_term_string}"},"query-input":"required name=search_term_string"}],"inLanguage":"en-US"},{"@type":"ImageObject","@id":"https:\/\/www.ztefan.pl\/produkt\/obroza\/#primaryimage","inLanguage":"en-US","url":"https:\/\/www.ztefan.pl\/wp-content\/uploads\/2022\/01\/IMG_7259.jpg","contentUrl":"https:\/\/www.ztefan.pl\/wp-content\/uploads\/2022\/01\/IMG_7259.jpg","width":465,"height":600,"caption":"Obro\u017ca i kajdanki z naturalnej sk\u00f3ry"},{"@type":"WebPage","@id":"https:\/\/www.ztefan.pl\/produkt\/obroza\/#webpage","url":"https:\/\/www.ztefan.pl\/produkt\/obroza\/","name":"[:pl]Obro\u017ca i kajdanki z naturalnej sk\u00f3ry [:en]Collar and handcuffs made of natural leather[:] - Ztefan","isPartOf":{"@id":"https:\/\/www.ztefan.pl\/#website"},"primaryImageOfPage":{"@id":"https:\/\/www.ztefan.pl\/produkt\/obroza\/#primaryimage"},"datePublished":"2022-01-11T13:21:36+00:00","dateModified":"2024-12-04T19:01:40+00:00","breadcrumb":{"@id":"https:\/\/www.ztefan.pl\/produkt\/obroza\/#breadcrumb"},"inLanguage":"en-US","potentialAction":[{"@type":"ReadAction","target":["https:\/\/www.ztefan.pl\/produkt\/obroza\/"]}]},{"@type":"BreadcrumbList","@id":"https:\/\/www.ztefan.pl\/produkt\/obroza\/#breadcrumb","itemListElement":[{"@type":"ListItem","position":1,"name":"Home","item":"https:\/\/www.ztefan.pl\/"},{"@type":"ListItem","position":2,"name":"Torby m\u0119skie ze sk\u00f3ry naturalnej","item":"https:\/\/www.ztefan.pl\/sklep\/"},{"@type":"ListItem","position":3,"name":"Obro\u017ca i kajdanki z naturalnej sk\u00f3ry"}]}]}},"_links":{"self":[{"href":"https:\/\/www.ztefan.pl\/en\/wp-json\/wp\/v2\/product\/2465"}],"collection":[{"href":"https:\/\/www.ztefan.pl\/en\/wp-json\/wp\/v2\/product"}],"about":[{"href":"https:\/\/www.ztefan.pl\/en\/wp-json\/wp\/v2\/types\/product"}],"wp:featuredmedia":[{"embeddable":true,"href":"https:\/\/www.ztefan.pl\/en\/wp-json\/wp\/v2\/media\/2576"}],"wp:attachment":[{"href":"https:\/\/www.ztefan.pl\/en\/wp-json\/wp\/v2\/media?parent=2465"}],"curies":[{"name":"wp","href":"https:\/\/api.w.org\/{rel}","templated":true}]}}